{"version":"1.0","provider_name":"I am the King","provider_url":"https:\/\/akira.cafeblog.hu","author_name":"pandahusi","author_url":"https:\/\/akira.cafeblog.hu\/author\/pandahusigmail-com\/","title":"H\u00e1zi pancsolda","html":"Tegnap hivatalosan is megnyitott az udvar kutya-wellness parkja. Vagy valami olyasmi. Van ott pancsolda, \u00e1rny\u00e9kot ad\u00f3 f\u00fcgef\u00e1k, 1-2 vir\u00e1g amit m\u00e9g ki lehet \u00e1sni... Egy igazi paradicsom az udvaros ebeknek. Nekem bent a ventil\u00e1tor h\u0171t, f\u00fcrd\u0151k\u00e1dban pancsolok, ahol megmosnak ha akarom, ha nem. Kr\u00e9mmel \u00e1polj\u00e1k a b\u0151r\u00f6m, f\u00e9s\u00fclgetnek... Vir\u00e1gaim nekem is vannak, de t\u00f6bbnyire cser\u00e9pben. Puha \u00e1gy amiben fekhetek, de engem szab\u00e1lyozgatnak. \u0150ket nem....\r\n\r\n<a href=\"https:\/\/akira.cafeblog.hu\/files\/2014\/07\/DSCF4546.jpg\"><img class=\"size-medium wp-image-106 aligncenter\" src=\"https:\/\/akira.cafeblog.hu\/files\/2014\/07\/DSCF4546-225x300.jpg\" alt=\"DSCF4546\" width=\"225\" height=\"300\" \/><\/a>\r\n<p style=\"text-align: center\">Yuki \u00fcl a f\u0171ben<\/p>\r\n<p style=\"text-align: center\"><a href=\"https:\/\/akira.cafeblog.hu\/files\/2014\/07\/DSCF4557.jpg\"><img class=\"alignnone size-medium wp-image-107\" src=\"https:\/\/akira.cafeblog.hu\/files\/2014\/07\/DSCF4557-225x300.jpg\" alt=\"DSCF4557\" width=\"225\" height=\"300\" \/><\/a><\/p>\r\n<p style=\"text-align: center\">Nem mert belemenni<\/p>\r\n<p style=\"text-align: center\"><a href=\"https:\/\/akira.cafeblog.hu\/files\/2014\/07\/DSCF4567.jpg\"><img class=\"alignnone size-medium wp-image-108\" src=\"https:\/\/akira.cafeblog.hu\/files\/2014\/07\/DSCF4567-300x225.jpg\" alt=\"DSCF4567\" width=\"300\" height=\"225\" \/><\/a><\/p>\r\n<p style=\"text-align: center\">\u00c9henk\u00f3r\u00e1sz....<\/p>\r\n<p style=\"text-align: center\"><a href=\"https:\/\/akira.cafeblog.hu\/files\/2014\/07\/DSCF4574.jpg\"><img class=\"alignnone size-medium wp-image-109\" src=\"https:\/\/akira.cafeblog.hu\/files\/2014\/07\/DSCF4574-300x225.jpg\" alt=\"DSCF4574\" width=\"300\" height=\"225\" \/><\/a><\/p>\r\n<p style=\"text-align: center\">S\u00fcki<\/p>\r\n<p style=\"text-align: center\"><a href=\"https:\/\/akira.cafeblog.hu\/files\/2014\/07\/DSCF4580.jpg\"><img class=\"alignnone size-medium wp-image-110\" src=\"https:\/\/akira.cafeblog.hu\/files\/2014\/07\/DSCF4580-300x225.jpg\" alt=\"DSCF4580\" width=\"300\" height=\"225\" \/><\/a><\/p>\r\n<p style=\"text-align: center\">Neki nem \u00e9r le a l\u00e1ba...<\/p>","type":"rich","thumbnail_url":"https:\/\/akira.cafeblog.hu\/files\/2014\/07\/DSCF4557-150x150.jpg","thumbnail_width":150,"thumbnail_height":150}